{"id":5412,"date":"2024-12-05T14:25:41","date_gmt":"2024-12-05T19:25:41","guid":{"rendered":"https:\/\/amicacenter.org\/recursos-juridicos\/herramientas-y-guias\/recursos-pro-bono\/casos-pro-bono-disponibles\/caja-disponible-arzu\/"},"modified":"2025-01-11T12:58:21","modified_gmt":"2025-01-11T17:58:21","slug":"caja-disponible-arzu","status":"publish","type":"page","link":"https:\/\/amicacenter.org\/es\/recursos-juridicos\/herramientas-y-guias\/recursos-pro-bono\/casos-pro-bono-disponibles\/caja-disponible-arzu\/","title":{"rendered":"Caja disponible: Arzu"},"content":{"rendered":"<section class=\"section--one-column bg-white text-left\" \n  id=\"un-uigur-de-china-cuyos-padres-fueron-enviados-a-campos-de-concentracion-teme-la-persecucion-politica-y-religiosa\"\n  aria-label=\"Un uigur de China cuyos padres fueron enviados a campos de concentraci\u00f3n teme la persecuci\u00f3n pol\u00edtica y religiosa\"\n>\n  <div class=\"fluid-container grid-12 col-span-full row-span-full z-content partials--one-column\">\n  <div class=\"col-narrow\">\n    <div data-repeater=\"false\" class=\"partial-copy flex flex-col flex-1 text-left space-y-inner\">\n  <div class=\"copy--headline break-words space-y-inner\">\n              <h2 class=\"display display-2 mb-0\" class=\"mb-0\">\n    Un uigur de China cuyos padres fueron enviados a campos de concentraci\u00f3n teme la persecuci\u00f3n pol\u00edtica y religiosa\n  <\/h2>          <\/div>\n  <div class=\"copy--body space-y-min\">\n          <p class=\"subhead subhead-2 mb-0\" class=\"mb-0\">\n    *Arzu &#8211; China\n  <\/p>                  <div class=\"partial-copy--lead-copy\">\n                  <div class=\"partial-copy--copy body-1\"><p>Arzu es uigur, un grupo \u00e9tnico minoritario actualmente perseguido en China. Seg\u00fan Arzu, la persecuci\u00f3n china de los musulmanes uigures comenz\u00f3 en julio de 2009, cuando Arzu ten\u00eda 16 a\u00f1os.<\/p>\n<p>En torno a 2016, se increment\u00f3 la vigilancia. En la ciudad, todo el mundo ten\u00eda que llevar su DNI y hab\u00eda c\u00e1maras por todas partes. El gobierno identific\u00f3 a muchos uigures, y los que eran capturados por las autoridades eran enviados a menudo a campos de detenci\u00f3n. Adem\u00e1s, a los musulmanes uigures no se les permit\u00eda ir a las mezquitas y rezar. El padre de Arzu fue enviado a un campo de concentraci\u00f3n tras su participaci\u00f3n en una protesta.<\/p>\n<p>Hacia 2017, la familia de Arzu recibi\u00f3 la noticia de que su padre hab\u00eda muerto en el campo uigur. Tras o\u00edr esto, la madre de Arzu se preocup\u00f3 por lo que le ocurrir\u00eda a su hijo si lo capturaban y lo enviaban a uno de estos campos. Consideraron que se enfrentaba a un peligro mayor por ser var\u00f3n y que ya hab\u00eda sido amenazado por las autoridades chinas. Como su padre muri\u00f3 en el campo de detenci\u00f3n, los funcionarios del gobierno dijeron a su madre que tendr\u00eda que ir a ocupar el lugar de su padre. Su madre lleg\u00f3 a temer por su vida y le anim\u00f3 a huir del pa\u00eds.<\/p>\n<p>Alrededor de 2017 o 2018, Arzu huy\u00f3 de China a Turqu\u00eda. Se fue solo, y el resto de su familia -incluidas su madre, su abuela y su hermana mayor- se qued\u00f3 en China. Vivi\u00f3 en Turqu\u00eda unos 5 \u00f3 6 a\u00f1os. Sin embargo, se preocup\u00f3 cada vez m\u00e1s a partir de 2022, cuando el gobierno turco empez\u00f3 a deportar a muchos uigures de vuelta a China. Arzu ya no se sent\u00eda seguro viviendo en Turqu\u00eda debido a su identidad uigur. Pag\u00f3 a alguien para que le ayudara a solicitar un visado y conseguir un billete de avi\u00f3n a EEUU. Sali\u00f3 de Turqu\u00eda en septiembre de 2024 y lleg\u00f3 al aeropuerto de Dulles. Debido al tiempo que Arzu pas\u00f3 en Turqu\u00eda, su equipo legal tendr\u00e1 que estar preparado para que el DHS argumente que la &#8220;barra de reasentamiento firme&#8221; se aplica a su caso.<\/p>\n<p>Arzu no ha hablado con su familia en muchos a\u00f1os, y la \u00faltima informaci\u00f3n que recibi\u00f3 fue que su madre hab\u00eda sido internada en un campo de detenci\u00f3n.<\/p>\n<p>Todos los asuntos del Centro Amica asignados a un equipo pro bono son s\u00f3lidamente tutelados por un abogado del Centro Amica y\/o un Representante plenamente Acreditado con experiencia en la representaci\u00f3n de clientes en procedimientos de inmigraci\u00f3n. Nuestro programa de tutor\u00eda incluye una reuni\u00f3n inicial para debatir el alcance y el proceso del asunto, suministro de muestras, orientaci\u00f3n sobre la ley, revisi\u00f3n de borradores de expedientes, ayuda con el contacto con el cliente y orientaci\u00f3n sobre la preparaci\u00f3n de entrevistas y vistas.<\/p>\n<ul>\n<li>Ubicaci\u00f3n: Farmville, VA (detenido) &#8211; el centro permite visitas en persona y utiliza el sistema de visitas virtuales de abogados<\/li>\n<li>Calendario: La pr\u00f3xima audiencia del calendario (programaci\u00f3n) est\u00e1 fijada para el 18 de diciembre en Annandale, VA.<\/li>\n<li>Idioma: El uigur es su mejor idioma y el equipo tendr\u00e1 que proporcionar un int\u00e9rprete\/traductor con fluidez. Tambi\u00e9n habla chino mandar\u00edn e ingl\u00e9s limitado.<\/li>\n<\/ul>\n<h4 id=\"pongase-en-contacto-con-nuestra-abogada-directora-de-coordinacion-pro-bono-jennifer-grishkin-en-jenniferamicacenter-org-si-esta-interesado-en-llevar-este-caso\">P\u00f3ngase en contacto con nuestra abogada directora de coordinaci\u00f3n pro bono, Jennifer Grishkin, en jennifer@amicacenter.org <a href=\"mailto:jennifer@amicacenter.org?subject=Request%20Arzu's%20case\"> si<\/a> est\u00e1 interesado en llevar este caso.<\/h4>\n<p>*Se utilizan seud\u00f3nimos para proteger la intimidad.<\/p>\n<\/div>\n              <\/div>\n      <\/div>\n  <p class=\"partial-copy--cta\">\n    <a class=\"button\" href=\"mailto:jennifer@amicacenter.org?subject=Request%20Arzu&#039;s%20caso\" target=\"\" href=\"mailto:jennifer@amicacenter.org?subject=Request%20Arzu&#039;s%20caso\" target=\"\">\n    Solicitar el caso de Arzu\n  <\/a>  <\/p>\n<\/div>  <\/div>\n<\/div><\/section>\n\n<p><\/p>\n","protected":false},"excerpt":{"rendered":"","protected":false},"author":10,"featured_media":0,"parent":3675,"menu_order":0,"comment_status":"closed","ping_status":"closed","template":"","meta":{"_acf_changed":false,"inline_featured_image":false,"footnotes":""},"class_list":["post-5412","page","type-page","status-publish","hentry","bg-white -mt-px py-full"],"acf":[],"_links":{"self":[{"href":"https:\/\/amicacenter.org\/es\/wp-json\/wp\/v2\/pages\/5412","targetHints":{"allow":["GET"]}}],"collection":[{"href":"https:\/\/amicacenter.org\/es\/wp-json\/wp\/v2\/pages"}],"about":[{"href":"https:\/\/amicacenter.org\/es\/wp-json\/wp\/v2\/types\/page"}],"author":[{"embeddable":true,"href":"https:\/\/amicacenter.org\/es\/wp-json\/wp\/v2\/users\/10"}],"replies":[{"embeddable":true,"href":"https:\/\/amicacenter.org\/es\/wp-json\/wp\/v2\/comments?post=5412"}],"version-history":[{"count":1,"href":"https:\/\/amicacenter.org\/es\/wp-json\/wp\/v2\/pages\/5412\/revisions"}],"predecessor-version":[{"id":5413,"href":"https:\/\/amicacenter.org\/es\/wp-json\/wp\/v2\/pages\/5412\/revisions\/5413"}],"up":[{"embeddable":true,"href":"https:\/\/amicacenter.org\/es\/wp-json\/wp\/v2\/pages\/3675"}],"wp:attachment":[{"href":"https:\/\/amicacenter.org\/es\/wp-json\/wp\/v2\/media?parent=5412"}],"curies":[{"name":"wp","href":"https:\/\/api.w.org\/{rel}","templated":true}]}}